

{"id":122,"date":"2021-03-02T09:28:57","date_gmt":"2021-03-02T08:28:57","guid":{"rendered":"https:\/\/www.vanner.pl\/pl\/?page_id=122"},"modified":"2026-01-13T11:04:51","modified_gmt":"2026-01-13T10:04:51","slug":"uslugi-dla-firm","status":"publish","type":"page","link":"https:\/\/www.vanner.pl\/pl\/uslugi-dla-firm\/","title":{"rendered":"Us\u0142ugi dla firm"},"content":{"rendered":"\n<div class=\"wp-block-group alignwide copyfrom-pracodawcy-leasing has-gutenberg-bg-background-color has-background\"><div class=\"wp-block-group__inner-container is-layout-flow wp-block-group-is-layout-flow\">\n<h4 class=\"wp-block-heading\">ROZWI\u0104ZANIE SZYTE NA MIAR\u0118<\/h4>\n\n\n\n<h2 class=\"wp-block-heading\">Wynajem pracownik\u00f3w<\/h2>\n\n\n\n<p>Sezonowo\u015b\u0107 i zmieniaj\u0105ce si\u0119 plany produkcyjne to najwi\u0119ksze wyzwania, kt\u00f3re utrudniaj\u0105 utrzymanie pracownik\u00f3w etatowych na niezmiennym poziomie. Wynajem pracowniczy, zwany r\u00f3wnie\u017c jako leasing pracownik\u00f3w, jest odpowiedzi\u0105 na zaspokojenie potrzeb kadrowych. Dodatkowo takie rozwi\u0105zanie przenosi odpowiedzialno\u015b\u0107 kadrowo-p\u0142acowo-administracyjn\u0105 na podmiot \u015bwiadcz\u0105cy us\u0142ugi agencji pracy lub outsourcera.<\/p>\n\n\n\n<div style=\"height:20px\" aria-hidden=\"true\" class=\"wp-block-spacer\"><\/div>\n\n\n\n<p><strong>Zalety leasingu pracownik\u00f3w:<\/strong><\/p>\n\n\n\n<ul class=\"wp-block-list\">\n<li><strong>Tw\u00f3j biznes charakteryzuje si\u0119 sezonowo\u015bci\u0105 lub wyst\u0119puje tzw. wysoki sezon<\/strong>\u00a0\u2013 nasza szybka rekrutacja i obs\u0142uga legalizacyjno-kadrowa pozwoli szybko uzupe\u0142ni\u0107 brakuj\u0105cy personel<\/li>\n\n\n\n<li><strong>Mierzysz si\u0119 z wahaniami zam\u00f3wie\u0144<\/strong>\u00a0\u2013 mo\u017cliwo\u015b\u0107 zredukowania ilo\u015bci pracownik\u00f3w tymczasowych w kr\u00f3tkim czasie, co wp\u0142ywa na bud\u017cet firmy<\/li>\n\n\n\n<li><strong>Mo\u017cliwo\u015b\u0107 sprawdzenia pracownika<\/strong>\u00a0przed podj\u0119ciem decyzji o bezpo\u015bredniej wsp\u00f3\u0142pracy<\/li>\n\n\n\n<li><strong>Znaczne obni\u017cenie koszt\u00f3w<\/strong>\u00a0zwi\u0105zanych z procesem rekrutacji<\/li>\n\n\n\n<li><strong>Obs\u0142uga kadrowo-administracyjna<\/strong>\u00a0jest w ca\u0142o\u015bci po stronie agencji lub outsourcera<\/li>\n<\/ul>\n<\/div><\/div>\n\n\n\n<div style=\"height:100px\" aria-hidden=\"true\" class=\"wp-block-spacer\"><\/div>\n\n\n\n<div class=\"wp-block-group alignwide copyfrom-pracodawcy-program has-gutenberg-bg-background-color has-background\"><div class=\"wp-block-group__inner-container is-layout-flow wp-block-group-is-layout-flow\">\n<h3 class=\"wp-block-heading\">Program partnerski<\/h3>\n\n\n\n<div style=\"height:20px\" aria-hidden=\"true\" class=\"wp-block-spacer\"><\/div>\n\n\n\n<p><strong>Znasz firmy, kt\u00f3re borykaj\u0105 si\u0119 z problemami kadrowymi? Je\u017celi nie jeste\u015b naszym klientem, to za polecenie naszych us\u0142ug wyp\u0142acimy Ci wynagrodzenie. Je\u017celi jeste\u015b naszym partnerem, w\u00f3wczas przyznamy Ci rabat na us\u0142ugi, kt\u00f3re \u015bwiadczymy dla Ciebie. Jak wida\u0107 sytuacje WIN-WIN to nie tylko teoria.<\/strong><\/p>\n<\/div><\/div>\n\n\n\n<div style=\"height:100px\" aria-hidden=\"true\" class=\"wp-block-spacer\"><\/div>\n\n\n\n<div class=\"wp-block-media-text alignwide is-stacked-on-mobile copyfrom-pracodawcy-rekrutacja-1 has-gutenberg-bg-background-color has-background\"><figure class=\"wp-block-media-text__media\"><img decoding=\"async\" src=\"https:\/\/www.vanner.pl\/pl\/wp-content\/uploads\/2021\/05\/dlapracodawcow-figure-1.jpg\" alt=\"\" class=\"wp-image-337 size-full\" srcset=\"https:\/\/www.vanner.pl\/pl\/wp-content\/uploads\/2021\/05\/dlapracodawcow-figure-1.jpg 1000w, https:\/\/www.vanner.pl\/pl\/wp-content\/uploads\/2021\/05\/dlapracodawcow-figure-1-768x512.jpg 768w\" sizes=\"(max-width: 1000px) 100vw, 1000px\" \/><\/figure><div class=\"wp-block-media-text__content\">\n<h4 class=\"wp-block-heading\">WY\u017bSZY POZIOM WSP\u00d3\u0141PRACY<\/h4>\n\n\n\n<h2 class=\"wp-block-heading\">Outsourcing procesowy<\/h2>\n\n\n\n<p>Outsourcing proces\u00f3w to praktyka polegaj\u0105ca na przekazywaniu okre\u015blonych funkcji lub proces\u00f3w biznesowych do zewn\u0119trznej firmy lub dostawcy us\u0142ug. Firmy decyduj\u0105 si\u0119 na outsourcing z r\u00f3\u017cnych powod\u00f3w, w tym zmniejszenia koszt\u00f3w operacyjnych, skoncentrowania si\u0119 na ich kluczowych kompetencjach, uzyskania dost\u0119pu do specjalistycznej wiedzy i umiej\u0119tno\u015bci, a tak\u017ce zwi\u0119kszenia elastyczno\u015bci operacyjnej poprzez mo\u017cliwo\u015b\u0107 szybkiego dostosowania si\u0119 do zmieniaj\u0105cych si\u0119 warunk\u00f3w rynkowych. Outsourcing proces\u00f3w nie jest obcy dla naszej firmy, ale stosujemy go tylko i wy\u0142\u0105cznie w dw\u00f3ch obszarach: produkcja oraz logistyka magazynowa, a ka\u017cda wsp\u00f3\u0142praca poprzedzona jest analiz\u0105 mo\u017cliwo\u015bci oraz dobraniem najlepszego rozwi\u0105zania operacyjnego. Kluczowym elementem outsourcingu jest nawi\u0105zanie klarownej umowy lub kontraktu reguluj\u0105cego zasady wsp\u00f3\u0142pracy i oczekiwania obu stron. <\/p>\n<\/div><\/div>\n\n\n\n<div style=\"height:100px\" aria-hidden=\"true\" class=\"wp-block-spacer\"><\/div>\n\n\n\n<div class=\"wp-block-media-text alignwide has-media-on-the-right is-stacked-on-mobile copyfrom-pracodawcy-rekrutacja-2 has-gutenberg-bg-background-color has-background\"><div class=\"wp-block-media-text__content\">\n<p><strong>Zalety outsourcingu proces\u00f3w:<\/strong><\/p>\n\n\n\n<ul class=\"wp-block-list\">\n<li>Obni\u017cenie koszt\u00f3w przez przekazanie proces\u00f3w do zewn\u0119trznego dostawcy cz\u0119sto pozwala firmom obni\u017cy\u0107 koszty operacyjne, poniewa\u017c mog\u0105 korzysta\u0107 z ta\u0144szej si\u0142y roboczej, lepszej infrastruktury lub skalowa\u0107 zasoby w zale\u017cno\u015bci od potrzeb.<\/li>\n\n\n\n<li>Outsourcing proces\u00f3w pozwala firmom skoncentrowa\u0107 si\u0119 na kluczowych obszarach dzia\u0142alno\u015bci, takich jak innowacje, rozw\u00f3j produkt\u00f3w czy budowanie relacji z klientami, pozostawiaj\u0105c operacyjne zadania zewn\u0119trznym dostawcom.<\/li>\n\n\n\n<li>Outsourcing pozwala firmom korzysta\u0107 z specjalistycznej wiedzy i do\u015bwiadczenia dostawcy w danej dziedzinie, co mo\u017ce przynie\u015b\u0107 lepsze rezultaty i innowacyjne rozwi\u0105zania.<\/li>\n\n\n\n<li>Korzystanie z zewn\u0119trznych dostawc\u00f3w umo\u017cliwia firmom szybk\u0105 adaptacj\u0119 do zmieniaj\u0105cych si\u0119 warunk\u00f3w rynkowych oraz skalowanie dzia\u0142alno\u015bci w zale\u017cno\u015bci od potrzeb, bez konieczno\u015bci inwestowania w dodatkowe zasoby wewn\u0119trzne.<\/li>\n\n\n\n<li>Dzi\u0119ki outsourcingowi firma mo\u017ce przenie\u015b\u0107 cz\u0119\u015b\u0107 ryzyka zwi\u0105zanego z operacjami na zewn\u0119trznych dostawc\u00f3w, kt\u00f3rzy s\u0105 odpowiedzialni za spe\u0142nienie ustalonych warunk\u00f3w umowy i osi\u0105gni\u0119cie okre\u015blonych rezultat\u00f3w.<\/li>\n\n\n\n<li>Poprawa efektywno\u015bci i jako\u015bci: Dobre firmy outsourcingowe cz\u0119sto oferuj\u0105 wysok\u0105 jako\u015b\u0107 us\u0142ug i proces\u00f3w, co mo\u017ce przyczyni\u0107 si\u0119 do poprawy efektywno\u015bci dzia\u0142ania firmy oraz zadowolenia klient\u00f3w.<\/li>\n<\/ul>\n\n\n\n<div style=\"height:20px\" aria-hidden=\"true\" class=\"wp-block-spacer\"><\/div>\n\n\n\n<p>Outsourcing proces\u00f3w to strategia biznesowa, kt\u00f3ra jest praktykowana przez najwi\u0119ksze firmy na \u015bwiecie, a Vanner pod\u0105\u017caj\u0105c za trendami z sukcesami rozwija t\u0119 us\u0142ug\u0119 od kilku lat.<\/p>\n<\/div><figure class=\"wp-block-media-text__media\"><img decoding=\"async\" src=\"https:\/\/www.vanner.pl\/pl\/wp-content\/uploads\/2021\/05\/dlapracodawcow-figure-2.jpg\" alt=\"\" class=\"wp-image-341 size-full\" srcset=\"https:\/\/www.vanner.pl\/pl\/wp-content\/uploads\/2021\/05\/dlapracodawcow-figure-2.jpg 1000w, https:\/\/www.vanner.pl\/pl\/wp-content\/uploads\/2021\/05\/dlapracodawcow-figure-2-768x512.jpg 768w\" sizes=\"(max-width: 1000px) 100vw, 1000px\" \/><\/figure><\/div>\n\n\n\n<div style=\"height:100px\" aria-hidden=\"true\" class=\"wp-block-spacer\"><\/div>\n\n\n\n<div class=\"wp-block-group alignwide copyfrom-pracodawcy-tryhire has-gutenberg-bg-background-color has-background\"><div class=\"wp-block-group__inner-container is-layout-flow wp-block-group-is-layout-flow\">\n<h2 class=\"wp-block-heading\">Try &amp; Hire<\/h2>\n\n\n\n<p><strong>Us\u0142uga&nbsp;Try &amp; Hire&nbsp;(wypr\u00f3buj i zatrudnij) zmniejsza ryzyko pope\u0142nienia b\u0142\u0119du przy zatrudnianiu nieznanego pracownika. Wiele firm braki kadrowe pr\u00f3buje uzupe\u0142nia\u0107&nbsp;publikuj\u0105c prosty komunikat: zatrudni\u0119 pracownik\u00f3w z Ukrainy. Do\u015bwiadczenie naszych klient\u00f3w wskazuje jednak, \u017ce skuteczniejsze jest nawi\u0105zanie wsp\u00f3\u0142pracy z agencj\u0105 pracy.<\/strong><\/p>\n<\/div><\/div>\n\n\n\n<div style=\"height:100px\" aria-hidden=\"true\" class=\"wp-block-spacer\"><\/div>\n\n\n\n<div class=\"wp-block-group alignwide copyfrom-kontakt has-gutenberg-bg-background-color has-background\"><div class=\"wp-block-group__inner-container is-layout-flow wp-block-group-is-layout-flow\">\n<h2 class=\"wp-block-heading\">Skontaktuj si\u0119<\/h2>\n\n\n\n<p>Je\u017celi jeste\u015b zainteresowany wynajmem pracownik\u00f3w \u2013 zg\u0142o\u015b si\u0119 do nas! Nasz do\u015bwiadczony zesp\u00f3\u0142 przeprowadzi Ci\u0119 przez ca\u0142y proces, odpowie na wszystkie pytania i w\u0105tpliwo\u015bci, a na ko\u0144cu przedstawimy Ci ofert\u0119 dopasowan\u0105 do Twoich potrzeb.<\/p>\n<\/div><\/div>\n\n\n\n<div style=\"height:100px\" aria-hidden=\"true\" class=\"wp-block-spacer\"><\/div>\n\n\n\n<div class=\"wp-block-group alignwide copyfrom-pracodawcy-legalizacja has-gutenberg-bg-background-color has-background\"><div class=\"wp-block-group__inner-container is-layout-flow wp-block-group-is-layout-flow\">\n<h4 class=\"wp-block-heading\">JESTE\u015aMY PROFESJONALNYM DORADC\u0104<\/h4>\n\n\n\n<h2 class=\"wp-block-heading\">Legalizacja pobytu i pracy cudzoziemc\u00f3w<\/h2>\n\n\n\n<p>Jak podaje G\u0142\u00f3wny Urz\u0105d Statystyczny liczba cudzoziemc\u00f3w pracuj\u0105cych w Polsce ro\u015bnie z roku na rok, a liczby m\u00f3wi\u0105 og\u00f3lnej liczbie oko\u0142o 2 milion\u00f3w. Bardzo cz\u0119sto s\u0105 to osoby, spoza UE, kt\u00f3rych pobyt i praca musi zosta\u0107 zalegalizowana zgodnie z obowi\u0105zuj\u0105cym prawem przed odpowiednimi organami pa\u0144stwowymi. Firmy chc\u0105c bezpo\u015brednio zatrudnia\u0107 cudzoziemc\u00f3w musz\u0105 spe\u0142ni\u0107 szereg formalno\u015bci, a nasza agencja pracy jako zaufany doradca wprowadzi\u0142a us\u0142ugi:<\/p>\n\n\n\n<ul class=\"wp-block-list\">\n<li><strong>prowadzenia dokumentacji<\/strong>\u00a0zwi\u0105zanej z legalizacj\u0105 pobytu i pracy cudzoziemc\u00f3w na terytorium Polski<\/li>\n\n\n\n<li><strong>monitorowania status\u00f3w<\/strong>\u00a0spraw z\u0142o\u017conych w urz\u0119dach oraz okres\u00f3w wa\u017cno\u015bci pobyt\u00f3w cudzoziemc\u00f3w i wydanych na nich dokument\u00f3w<\/li>\n\n\n\n<li><strong>przygotowania firm do kontroli<\/strong>\u00a0w zakresie poprawno\u015bci zatrudniania cudzoziemc\u00f3w prowadzonych przez Pa\u0144stwow\u0105 Inspekcj\u0119 Pracy lub Stra\u017c Graniczn\u0105<\/li>\n\n\n\n<li><strong>konsultacji<\/strong>\u00a0w zakresie r\u00f3\u017cnych aspekt\u00f3w prawnych zwi\u0105zanych z powy\u017cszymi czynno\u015bciami<\/li>\n<\/ul>\n\n\n\n<div style=\"height:20px\" aria-hidden=\"true\" class=\"wp-block-spacer\"><\/div>\n\n\n\n<p>Je\u017celi chcieliby Pa\u0144stwo oddelegowa\u0107 cz\u0119\u015b\u0107 lub ca\u0142o\u015b\u0107 powy\u017cszych zada\u0144 to zapraszamy do kontaktu.<\/p>\n\n\n\n<div style=\"height:20px\" aria-hidden=\"true\" class=\"wp-block-spacer\"><\/div>\n\n\n\n<p><strong>WA\u017bNE:<\/strong>&nbsp;brak lub niedope\u0142nienie formalno\u015bci zwi\u0105zanych z zatrudnianiem cudzoziemc\u00f3w mo\u017ce skutkowa\u0107 powa\u017cnymi konsekwencjami prawnymi z na\u0142o\u017ceniem kar w\u0142\u0105cznie.<\/p>\n<\/div><\/div>\n","protected":false},"excerpt":{"rendered":"<p>ROZWI\u0104ZANIE SZYTE NA MIAR\u0118 Wynajem pracownik\u00f3w Sezonowo\u015b\u0107 i zmieniaj\u0105ce si\u0119 plany produkcyjne to najwi\u0119ksze wyzwania, kt\u00f3re utrudniaj\u0105 utrzymanie pracownik\u00f3w etatowych na niezmiennym poziomie. Wynajem pracowniczy, zwany r\u00f3wnie\u017c jako leasing pracownik\u00f3w, [&hellip;]<\/p>\n","protected":false},"author":2,"featured_media":125,"parent":0,"menu_order":0,"comment_status":"closed","ping_status":"closed","template":"podstrona-dla_pracodawcow.php","meta":{"footnotes":""},"class_list":["post-122","page","type-page","status-publish","has-post-thumbnail","hentry"],"yoast_head":"<!-- This site is optimized with the Yoast SEO plugin v27.5 - https:\/\/yoast.com\/product\/yoast-seo-wordpress\/ -->\n<title>Us\u0142ugi dla firm - Wynajem, outsourcing i legalizacja | Vanner<\/title>\n<meta name=\"description\" content=\"Kompleksowe us\u0142ugi HR dla Twojego biznesu: wynajem pracownik\u00f3w, outsourcing produkcji i logistyki oraz legalizacja zatrudnienia. Sprawd\u017a nas!\" \/>\n<meta name=\"robots\" content=\"index, follow, max-snippet:-1, max-image-preview:large, max-video-preview:-1\" \/>\n<link rel=\"canonical\" href=\"https:\/\/www.vanner.pl\/pl\/uslugi-dla-firm\/\" \/>\n<meta property=\"og:locale\" content=\"pl_PL\" \/>\n<meta property=\"og:type\" content=\"article\" \/>\n<meta property=\"og:title\" content=\"Us\u0142ugi dla firm - Wynajem, outsourcing i legalizacja | Vanner\" \/>\n<meta property=\"og:description\" content=\"Kompleksowe us\u0142ugi HR dla Twojego biznesu: wynajem pracownik\u00f3w, outsourcing produkcji i logistyki oraz legalizacja zatrudnienia. Sprawd\u017a nas!\" \/>\n<meta property=\"og:url\" content=\"https:\/\/www.vanner.pl\/pl\/uslugi-dla-firm\/\" \/>\n<meta property=\"og:site_name\" content=\"Vanner | Agencja pracy tymczasowej\" \/>\n<meta property=\"article:modified_time\" content=\"2026-01-13T10:04:51+00:00\" \/>\n<meta property=\"og:image\" content=\"https:\/\/www.vanner.pl\/pl\/wp-content\/uploads\/2021\/03\/slider-uslugi.jpg\" \/>\n\t<meta property=\"og:image:width\" content=\"1920\" \/>\n\t<meta property=\"og:image:height\" content=\"460\" \/>\n\t<meta property=\"og:image:type\" content=\"image\/jpeg\" \/>\n<meta name=\"twitter:card\" content=\"summary_large_image\" \/>\n<meta name=\"twitter:label1\" content=\"Szacowany czas czytania\" \/>\n\t<meta name=\"twitter:data1\" content=\"5 minut\" \/>\n<script type=\"application\/ld+json\" class=\"yoast-schema-graph\">{\"@context\":\"https:\\\/\\\/schema.org\",\"@graph\":[{\"@type\":\"WebPage\",\"@id\":\"https:\\\/\\\/www.vanner.pl\\\/pl\\\/uslugi-dla-firm\\\/\",\"url\":\"https:\\\/\\\/www.vanner.pl\\\/pl\\\/uslugi-dla-firm\\\/\",\"name\":\"Us\u0142ugi dla firm - Wynajem, outsourcing i legalizacja | Vanner\",\"isPartOf\":{\"@id\":\"https:\\\/\\\/www.vanner.pl\\\/pl\\\/#website\"},\"primaryImageOfPage\":{\"@id\":\"https:\\\/\\\/www.vanner.pl\\\/pl\\\/uslugi-dla-firm\\\/#primaryimage\"},\"image\":{\"@id\":\"https:\\\/\\\/www.vanner.pl\\\/pl\\\/uslugi-dla-firm\\\/#primaryimage\"},\"thumbnailUrl\":\"https:\\\/\\\/www.vanner.pl\\\/pl\\\/wp-content\\\/uploads\\\/2021\\\/03\\\/slider-uslugi.jpg\",\"datePublished\":\"2021-03-02T08:28:57+00:00\",\"dateModified\":\"2026-01-13T10:04:51+00:00\",\"description\":\"Kompleksowe us\u0142ugi HR dla Twojego biznesu: wynajem pracownik\u00f3w, outsourcing produkcji i logistyki oraz legalizacja zatrudnienia. Sprawd\u017a nas!\",\"breadcrumb\":{\"@id\":\"https:\\\/\\\/www.vanner.pl\\\/pl\\\/uslugi-dla-firm\\\/#breadcrumb\"},\"inLanguage\":\"pl-PL\",\"potentialAction\":[{\"@type\":\"ReadAction\",\"target\":[\"https:\\\/\\\/www.vanner.pl\\\/pl\\\/uslugi-dla-firm\\\/\"]}]},{\"@type\":\"ImageObject\",\"inLanguage\":\"pl-PL\",\"@id\":\"https:\\\/\\\/www.vanner.pl\\\/pl\\\/uslugi-dla-firm\\\/#primaryimage\",\"url\":\"https:\\\/\\\/www.vanner.pl\\\/pl\\\/wp-content\\\/uploads\\\/2021\\\/03\\\/slider-uslugi.jpg\",\"contentUrl\":\"https:\\\/\\\/www.vanner.pl\\\/pl\\\/wp-content\\\/uploads\\\/2021\\\/03\\\/slider-uslugi.jpg\",\"width\":1920,\"height\":460,\"caption\":\"Portrait of successful entrepreneur, colleagues working in the background.\"},{\"@type\":\"BreadcrumbList\",\"@id\":\"https:\\\/\\\/www.vanner.pl\\\/pl\\\/uslugi-dla-firm\\\/#breadcrumb\",\"itemListElement\":[{\"@type\":\"ListItem\",\"position\":1,\"name\":\"Strona g\u0142\u00f3wna\",\"item\":\"https:\\\/\\\/www.vanner.pl\\\/pl\\\/\"},{\"@type\":\"ListItem\",\"position\":2,\"name\":\"Us\u0142ugi dla firm\"}]},{\"@type\":\"WebSite\",\"@id\":\"https:\\\/\\\/www.vanner.pl\\\/pl\\\/#website\",\"url\":\"https:\\\/\\\/www.vanner.pl\\\/pl\\\/\",\"name\":\"Vanner | Agencja pracy tymczasowej\",\"description\":\"Tw\u00f3j zaufany partner\",\"potentialAction\":[{\"@type\":\"SearchAction\",\"target\":{\"@type\":\"EntryPoint\",\"urlTemplate\":\"https:\\\/\\\/www.vanner.pl\\\/pl\\\/?s={search_term_string}\"},\"query-input\":{\"@type\":\"PropertyValueSpecification\",\"valueRequired\":true,\"valueName\":\"search_term_string\"}}],\"inLanguage\":\"pl-PL\"}]}<\/script>\n<!-- \/ Yoast SEO plugin. -->","yoast_head_json":{"title":"Us\u0142ugi dla firm - Wynajem, outsourcing i legalizacja | Vanner","description":"Kompleksowe us\u0142ugi HR dla Twojego biznesu: wynajem pracownik\u00f3w, outsourcing produkcji i logistyki oraz legalizacja zatrudnienia. Sprawd\u017a nas!","robots":{"index":"index","follow":"follow","max-snippet":"max-snippet:-1","max-image-preview":"max-image-preview:large","max-video-preview":"max-video-preview:-1"},"canonical":"https:\/\/www.vanner.pl\/pl\/uslugi-dla-firm\/","og_locale":"pl_PL","og_type":"article","og_title":"Us\u0142ugi dla firm - Wynajem, outsourcing i legalizacja | Vanner","og_description":"Kompleksowe us\u0142ugi HR dla Twojego biznesu: wynajem pracownik\u00f3w, outsourcing produkcji i logistyki oraz legalizacja zatrudnienia. Sprawd\u017a nas!","og_url":"https:\/\/www.vanner.pl\/pl\/uslugi-dla-firm\/","og_site_name":"Vanner | Agencja pracy tymczasowej","article_modified_time":"2026-01-13T10:04:51+00:00","og_image":[{"width":1920,"height":460,"url":"https:\/\/www.vanner.pl\/pl\/wp-content\/uploads\/2021\/03\/slider-uslugi.jpg","type":"image\/jpeg"}],"twitter_card":"summary_large_image","twitter_misc":{"Szacowany czas czytania":"5 minut"},"schema":{"@context":"https:\/\/schema.org","@graph":[{"@type":"WebPage","@id":"https:\/\/www.vanner.pl\/pl\/uslugi-dla-firm\/","url":"https:\/\/www.vanner.pl\/pl\/uslugi-dla-firm\/","name":"Us\u0142ugi dla firm - Wynajem, outsourcing i legalizacja | Vanner","isPartOf":{"@id":"https:\/\/www.vanner.pl\/pl\/#website"},"primaryImageOfPage":{"@id":"https:\/\/www.vanner.pl\/pl\/uslugi-dla-firm\/#primaryimage"},"image":{"@id":"https:\/\/www.vanner.pl\/pl\/uslugi-dla-firm\/#primaryimage"},"thumbnailUrl":"https:\/\/www.vanner.pl\/pl\/wp-content\/uploads\/2021\/03\/slider-uslugi.jpg","datePublished":"2021-03-02T08:28:57+00:00","dateModified":"2026-01-13T10:04:51+00:00","description":"Kompleksowe us\u0142ugi HR dla Twojego biznesu: wynajem pracownik\u00f3w, outsourcing produkcji i logistyki oraz legalizacja zatrudnienia. Sprawd\u017a nas!","breadcrumb":{"@id":"https:\/\/www.vanner.pl\/pl\/uslugi-dla-firm\/#breadcrumb"},"inLanguage":"pl-PL","potentialAction":[{"@type":"ReadAction","target":["https:\/\/www.vanner.pl\/pl\/uslugi-dla-firm\/"]}]},{"@type":"ImageObject","inLanguage":"pl-PL","@id":"https:\/\/www.vanner.pl\/pl\/uslugi-dla-firm\/#primaryimage","url":"https:\/\/www.vanner.pl\/pl\/wp-content\/uploads\/2021\/03\/slider-uslugi.jpg","contentUrl":"https:\/\/www.vanner.pl\/pl\/wp-content\/uploads\/2021\/03\/slider-uslugi.jpg","width":1920,"height":460,"caption":"Portrait of successful entrepreneur, colleagues working in the background."},{"@type":"BreadcrumbList","@id":"https:\/\/www.vanner.pl\/pl\/uslugi-dla-firm\/#breadcrumb","itemListElement":[{"@type":"ListItem","position":1,"name":"Strona g\u0142\u00f3wna","item":"https:\/\/www.vanner.pl\/pl\/"},{"@type":"ListItem","position":2,"name":"Us\u0142ugi dla firm"}]},{"@type":"WebSite","@id":"https:\/\/www.vanner.pl\/pl\/#website","url":"https:\/\/www.vanner.pl\/pl\/","name":"Vanner | Agencja pracy tymczasowej","description":"Tw\u00f3j zaufany partner","potentialAction":[{"@type":"SearchAction","target":{"@type":"EntryPoint","urlTemplate":"https:\/\/www.vanner.pl\/pl\/?s={search_term_string}"},"query-input":{"@type":"PropertyValueSpecification","valueRequired":true,"valueName":"search_term_string"}}],"inLanguage":"pl-PL"}]}},"_links":{"self":[{"href":"https:\/\/www.vanner.pl\/pl\/wp-json\/wp\/v2\/pages\/122","targetHints":{"allow":["GET"]}}],"collection":[{"href":"https:\/\/www.vanner.pl\/pl\/wp-json\/wp\/v2\/pages"}],"about":[{"href":"https:\/\/www.vanner.pl\/pl\/wp-json\/wp\/v2\/types\/page"}],"author":[{"embeddable":true,"href":"https:\/\/www.vanner.pl\/pl\/wp-json\/wp\/v2\/users\/2"}],"replies":[{"embeddable":true,"href":"https:\/\/www.vanner.pl\/pl\/wp-json\/wp\/v2\/comments?post=122"}],"version-history":[{"count":21,"href":"https:\/\/www.vanner.pl\/pl\/wp-json\/wp\/v2\/pages\/122\/revisions"}],"predecessor-version":[{"id":875,"href":"https:\/\/www.vanner.pl\/pl\/wp-json\/wp\/v2\/pages\/122\/revisions\/875"}],"wp:featuredmedia":[{"embeddable":true,"href":"https:\/\/www.vanner.pl\/pl\/wp-json\/wp\/v2\/media\/125"}],"wp:attachment":[{"href":"https:\/\/www.vanner.pl\/pl\/wp-json\/wp\/v2\/media?parent=122"}],"curies":[{"name":"wp","href":"https:\/\/api.w.org\/{rel}","templated":true}]}}