

{"id":134,"date":"2021-03-02T13:55:05","date_gmt":"2021-03-02T12:55:05","guid":{"rendered":"https:\/\/www.vanner.pl\/pl\/?page_id=134"},"modified":"2026-01-13T10:29:53","modified_gmt":"2026-01-13T09:29:53","slug":"legalizacja-pracy-cudzoziemcow","status":"publish","type":"page","link":"https:\/\/www.vanner.pl\/pl\/legalizacja-pracy-cudzoziemcow\/","title":{"rendered":"Legalizacja pracy cudzoziemc\u00f3w"},"content":{"rendered":"\n<div class=\"wp-block-media-text alignwide is-stacked-on-mobile copyfrom-legalizacja-uslugi has-gutenberg-bg-background-color has-background\"><figure class=\"wp-block-media-text__media\"><img decoding=\"async\" src=\"https:\/\/www.vanner.pl\/pl\/wp-content\/uploads\/2021\/05\/pobyt-figure.jpg\" alt=\"\" class=\"wp-image-368 size-full\"\/><\/figure><div class=\"wp-block-media-text__content\">\n<h4 class=\"wp-block-heading\">PROWADZENIE DOKUMENTACJI WYMAGA FACHOWEJ WIEDZY<\/h4>\n\n\n\n<h2 class=\"wp-block-heading\">Nasze us\u0142ugi<\/h2>\n\n\n\n<ul class=\"wp-block-list\"><li><strong>prowadzenia dokumentacji<\/strong>\u00a0zwi\u0105zanej z legalizacj\u0105 pobytu i pracy cudzoziemc\u00f3w na terytorium Polski<\/li><li><strong>monitorowania status\u00f3w<\/strong>\u00a0spraw z\u0142o\u017conych w urz\u0119dach oraz okres\u00f3w wa\u017cno\u015bci pobyt\u00f3w cudzoziemc\u00f3w i wydanych na nich dokument\u00f3w<\/li><li><strong>przygotowania firm do kontroli<\/strong>\u00a0w zakresie poprawno\u015bci zatrudniania cudzoziemc\u00f3w prowadzonych przez Pa\u0144stwow\u0105 Inspekcj\u0119 Pracy lub Stra\u017c Graniczn\u0105<\/li><li><strong>konsultacji<\/strong>\u00a0w zakresie r\u00f3\u017cnych aspekt\u00f3w prawnych zwi\u0105zanych z powy\u017cszymi czynno\u015bciami<\/li><\/ul>\n\n\n\n<div style=\"height:20px\" aria-hidden=\"true\" class=\"wp-block-spacer\"><\/div>\n\n\n\n<p>Je\u017celi chcieliby Pa\u0144stwo oddelegowa\u0107 cz\u0119\u015b\u0107 lub ca\u0142o\u015b\u0107 powy\u017cszych zada\u0144 to zapraszamy do kontaktu.<\/p>\n\n\n\n<div style=\"height:20px\" aria-hidden=\"true\" class=\"wp-block-spacer\"><\/div>\n\n\n\n<p><strong>WA\u017bNE:<\/strong>\u00a0brak lub niedope\u0142nienie formalno\u015bci zwi\u0105zanych z zatrudnianiem cudzoziemc\u00f3w mo\u017ce skutkowa\u0107 powa\u017cnymi konsekwencjami prawnymi z na\u0142o\u017ceniem kar w\u0142\u0105cznie.<\/p>\n<\/div><\/div>\n\n\n\n<div style=\"height:100px\" aria-hidden=\"true\" class=\"wp-block-spacer\"><\/div>\n\n\n\n<div class=\"wp-block-group alignwide copyfrom-legalizacja-dokumenty has-gutenberg-bg-background-color has-background\"><div class=\"wp-block-group__inner-container is-layout-flow wp-block-group-is-layout-flow\">\n<h3 class=\"wp-block-heading\">Legalizacja dokument\u00f3w zatrudnienia<\/h3>\n\n\n\n<div style=\"height:20px\" aria-hidden=\"true\" class=\"wp-block-spacer\"><\/div>\n\n\n\n<p><strong>Przeprowadzenie&nbsp;legalizacji pracy obcokrajowc\u00f3w&nbsp;w Polsce nak\u0142ada na pracodawc\u00f3w pewne obowi\u0105zki i wymaga po\u015bwi\u0119cenia im czasu.&nbsp;Agencja Pracy&nbsp;VANNER pomaga przej\u015b\u0107 przez uci\u0105\u017cliwe procedury administracyjne. Mo\u017cemy nawet ca\u0142kowicie wzi\u0105\u0107 na siebie wype\u0142nienie przepis\u00f3w wymaganych przed polskie urz\u0119dy. Spo\u015br\u00f3d pa\u0144stw Europy Wschodniej naj\u0142atwiejszy wjazd do naszego kraju maj\u0105 obywatele Ukrainy i Mo\u0142dawii. Nie podlegaj\u0105 oni procedurze uzyskania wiz wjazdowych do Unii Europejskiej, jak np. mieszka\u0144cy Bia\u0142orusi. Jednak wszyscy obcokrajowcy&nbsp;musz\u0105 wype\u0142ni\u0107 obowi\u0105zki wobec administracji, gdy chc\u0105 podj\u0105\u0107 prac\u0119 w naszym kraju.<\/strong><\/p>\n<\/div><\/div>\n\n\n\n<div style=\"height:100px\" aria-hidden=\"true\" class=\"wp-block-spacer\"><\/div>\n\n\n\n<div class=\"wp-block-group alignwide copyfrom-legalizacja-opis has-gutenberg-bg-background-color has-background\"><div class=\"wp-block-group__inner-container is-layout-flow wp-block-group-is-layout-flow\">\n<h3 class=\"has-zolty-color has-text-color wp-block-heading\">Kontakty z administracj\u0105<\/h3>\n\n\n\n<div style=\"height:20px\" aria-hidden=\"true\" class=\"wp-block-spacer\"><\/div>\n\n\n\n<p>Legalizacja pracy obcokrajowc\u00f3w\u00a0wymaga kilkukrotnych wizyt w instytucjach powiatowych i wojew\u00f3dzkich \u2013 w Powiatowym Urz\u0119dzie Pracy i Urz\u0119dzie Wojew\u00f3dzkim. Czynno\u015bci te zabieraj\u0105 sporo czasu, wi\u0119c przedsi\u0119biorcy sk\u0142onni zatrudnia\u0107 w swoich firmach cudzoziemc\u00f3w, cz\u0119sto rezygnuj\u0105 z tego zamiaru, ze wzgl\u0119du na te uci\u0105\u017cliwo\u015bci.<\/p>\n\n\n\n<div style=\"height:20px\" aria-hidden=\"true\" class=\"wp-block-spacer\"><\/div>\n\n\n\n<p>Nasi specjali\u015bci bior\u0105 na siebie pokonanie tych przeszk\u00f3d \u2013\u00a0sami kontaktujemy si\u0119 z administracj\u0105. Jeszcze dalej id\u0105cym u\u0142atwieniem z naszej strony jest oferta\u00a0leasingu pracownik\u00f3w ze wschodu. W tym przypadku po stronie naszej agencji le\u017cy nie tylko za\u0142atwienie spraw zwi\u0105zanych z pozwoleniem na prac\u0119, ale przejmujemy wszystkie obowi\u0105zki zwi\u0105zane z obs\u0142ug\u0105 pracownicz\u0105 \u2013 p\u0142ace, ubezpieczenia, op\u0142aty, szkolenia itd.<\/p>\n\n\n\n<div style=\"height:20px\" aria-hidden=\"true\" class=\"wp-block-spacer\"><\/div>\n\n\n\n<h3 class=\"has-zolty-color has-text-color wp-block-heading\">U\u0142atwienia pobytu cudzoziemc\u00f3w<\/h3>\n\n\n\n<div style=\"height:20px\" aria-hidden=\"true\" class=\"wp-block-spacer\"><\/div>\n\n\n\n<p>Zajmujemy si\u0119 tak\u017ce&nbsp;sprawami bytowymi cudzoziemc\u00f3w. Przede wszystkim bierzemy na siebie organizacj\u0119 ich zakwaterowania. Pracodawcy nie s\u0105 obci\u0105\u017cani tego typu sprawami. Organizujemy tak\u017ce wst\u0119pne szkolenia dotycz\u0105ce organizacji pracy, zasad panuj\u0105cych w polskich firmach i zachowania w nowym otoczeniu. Dzi\u0119ki takiemu przygotowaniu polecani przez nas pracownicy szybciej aklimatyzuj\u0105 si\u0119 w miejscu pracy i s\u0105 bardziej wydajni.<\/p>\n<\/div><\/div>\n\n\n\n<div style=\"height:100px\" aria-hidden=\"true\" class=\"wp-block-spacer\"><\/div>\n\n\n\n<div class=\"wp-block-group alignwide copyfrom-kontakt has-gutenberg-bg-background-color has-background\"><div class=\"wp-block-group__inner-container is-layout-flow wp-block-group-is-layout-flow\">\n<h2 class=\"wp-block-heading\">Skontaktuj si\u0119<\/h2>\n\n\n\n<p>Zatrudniasz cudzoziemc\u00f3w, ale prowadzenie dokumentacji jest dla Ciebie skomplikowane i czasoch\u0142onne? My\u015blisz o bezpo\u015brednim zatrudnianiu obcokrajowc\u00f3w, ale nie wiesz jak to zrobi\u0107? Pozw\u00f3l nam si\u0119 tym zaj\u0105\u0107.<\/p>\n<\/div><\/div>\n","protected":false},"excerpt":{"rendered":"<p>Legalizacja dokument\u00f3w zatrudnienia Przeprowadzenie&nbsp;legalizacji pracy obcokrajowc\u00f3w&nbsp;w Polsce nak\u0142ada na pracodawc\u00f3w pewne obowi\u0105zki i wymaga po\u015bwi\u0119cenia im czasu.&nbsp;Agencja Pracy&nbsp;VANNER pomaga przej\u015b\u0107 przez uci\u0105\u017cliwe procedury administracyjne. Mo\u017cemy nawet ca\u0142kowicie wzi\u0105\u0107 na siebie [&hellip;]<\/p>\n","protected":false},"author":2,"featured_media":135,"parent":0,"menu_order":0,"comment_status":"closed","ping_status":"closed","template":"podstrona-legalizajca_pobytu.php","meta":{"footnotes":""},"class_list":["post-134","page","type-page","status-publish","has-post-thumbnail","hentry"],"yoast_head":"<!-- This site is optimized with the Yoast SEO plugin v27.5 - https:\/\/yoast.com\/product\/yoast-seo-wordpress\/ -->\n<title>Legalizacja pracy cudzoziemc\u00f3w | Vanner<\/title>\n<meta name=\"description\" content=\"Oferujemy pomoc w legalizacji pracy cudzoziemc\u00f3w. Prowadzimy dokumentacj\u0119, monitorujemy terminy i przygotowujemy firmy do kontroli PIP. Sprawd\u017a!\" \/>\n<meta name=\"robots\" content=\"index, follow, max-snippet:-1, max-image-preview:large, max-video-preview:-1\" \/>\n<link rel=\"canonical\" href=\"https:\/\/www.vanner.pl\/pl\/legalizacja-pracy-cudzoziemcow\/\" \/>\n<meta property=\"og:locale\" content=\"pl_PL\" \/>\n<meta property=\"og:type\" content=\"article\" \/>\n<meta property=\"og:title\" content=\"Legalizacja pracy cudzoziemc\u00f3w | Vanner\" \/>\n<meta property=\"og:description\" content=\"Oferujemy pomoc w legalizacji pracy cudzoziemc\u00f3w. Prowadzimy dokumentacj\u0119, monitorujemy terminy i przygotowujemy firmy do kontroli PIP. Sprawd\u017a!\" \/>\n<meta property=\"og:url\" content=\"https:\/\/www.vanner.pl\/pl\/legalizacja-pracy-cudzoziemcow\/\" \/>\n<meta property=\"og:site_name\" content=\"Vanner | Agencja pracy tymczasowej\" \/>\n<meta property=\"article:modified_time\" content=\"2026-01-13T09:29:53+00:00\" \/>\n<meta property=\"og:image\" content=\"https:\/\/www.vanner.pl\/pl\/wp-content\/uploads\/2021\/03\/slider-legalizacja_pobytu.jpg\" \/>\n\t<meta property=\"og:image:width\" content=\"1920\" \/>\n\t<meta property=\"og:image:height\" content=\"460\" \/>\n\t<meta property=\"og:image:type\" content=\"image\/jpeg\" \/>\n<meta name=\"twitter:card\" content=\"summary_large_image\" \/>\n<meta name=\"twitter:label1\" content=\"Szacowany czas czytania\" \/>\n\t<meta name=\"twitter:data1\" content=\"3 minuty\" \/>\n<script type=\"application\/ld+json\" class=\"yoast-schema-graph\">{\"@context\":\"https:\\\/\\\/schema.org\",\"@graph\":[{\"@type\":\"WebPage\",\"@id\":\"https:\\\/\\\/www.vanner.pl\\\/pl\\\/legalizacja-pracy-cudzoziemcow\\\/\",\"url\":\"https:\\\/\\\/www.vanner.pl\\\/pl\\\/legalizacja-pracy-cudzoziemcow\\\/\",\"name\":\"Legalizacja pracy cudzoziemc\u00f3w | Vanner\",\"isPartOf\":{\"@id\":\"https:\\\/\\\/www.vanner.pl\\\/pl\\\/#website\"},\"primaryImageOfPage\":{\"@id\":\"https:\\\/\\\/www.vanner.pl\\\/pl\\\/legalizacja-pracy-cudzoziemcow\\\/#primaryimage\"},\"image\":{\"@id\":\"https:\\\/\\\/www.vanner.pl\\\/pl\\\/legalizacja-pracy-cudzoziemcow\\\/#primaryimage\"},\"thumbnailUrl\":\"https:\\\/\\\/www.vanner.pl\\\/pl\\\/wp-content\\\/uploads\\\/2021\\\/03\\\/slider-legalizacja_pobytu.jpg\",\"datePublished\":\"2021-03-02T12:55:05+00:00\",\"dateModified\":\"2026-01-13T09:29:53+00:00\",\"description\":\"Oferujemy pomoc w legalizacji pracy cudzoziemc\u00f3w. Prowadzimy dokumentacj\u0119, monitorujemy terminy i przygotowujemy firmy do kontroli PIP. Sprawd\u017a!\",\"breadcrumb\":{\"@id\":\"https:\\\/\\\/www.vanner.pl\\\/pl\\\/legalizacja-pracy-cudzoziemcow\\\/#breadcrumb\"},\"inLanguage\":\"pl-PL\",\"potentialAction\":[{\"@type\":\"ReadAction\",\"target\":[\"https:\\\/\\\/www.vanner.pl\\\/pl\\\/legalizacja-pracy-cudzoziemcow\\\/\"]}]},{\"@type\":\"ImageObject\",\"inLanguage\":\"pl-PL\",\"@id\":\"https:\\\/\\\/www.vanner.pl\\\/pl\\\/legalizacja-pracy-cudzoziemcow\\\/#primaryimage\",\"url\":\"https:\\\/\\\/www.vanner.pl\\\/pl\\\/wp-content\\\/uploads\\\/2021\\\/03\\\/slider-legalizacja_pobytu.jpg\",\"contentUrl\":\"https:\\\/\\\/www.vanner.pl\\\/pl\\\/wp-content\\\/uploads\\\/2021\\\/03\\\/slider-legalizacja_pobytu.jpg\",\"width\":1920,\"height\":460,\"caption\":\"Portrait of successful entrepreneur, colleagues working in the background.\"},{\"@type\":\"BreadcrumbList\",\"@id\":\"https:\\\/\\\/www.vanner.pl\\\/pl\\\/legalizacja-pracy-cudzoziemcow\\\/#breadcrumb\",\"itemListElement\":[{\"@type\":\"ListItem\",\"position\":1,\"name\":\"Strona g\u0142\u00f3wna\",\"item\":\"https:\\\/\\\/www.vanner.pl\\\/pl\\\/\"},{\"@type\":\"ListItem\",\"position\":2,\"name\":\"Legalizacja pracy cudzoziemc\u00f3w\"}]},{\"@type\":\"WebSite\",\"@id\":\"https:\\\/\\\/www.vanner.pl\\\/pl\\\/#website\",\"url\":\"https:\\\/\\\/www.vanner.pl\\\/pl\\\/\",\"name\":\"Vanner | Agencja pracy tymczasowej\",\"description\":\"Tw\u00f3j zaufany partner\",\"potentialAction\":[{\"@type\":\"SearchAction\",\"target\":{\"@type\":\"EntryPoint\",\"urlTemplate\":\"https:\\\/\\\/www.vanner.pl\\\/pl\\\/?s={search_term_string}\"},\"query-input\":{\"@type\":\"PropertyValueSpecification\",\"valueRequired\":true,\"valueName\":\"search_term_string\"}}],\"inLanguage\":\"pl-PL\"}]}<\/script>\n<!-- \/ Yoast SEO plugin. -->","yoast_head_json":{"title":"Legalizacja pracy cudzoziemc\u00f3w | Vanner","description":"Oferujemy pomoc w legalizacji pracy cudzoziemc\u00f3w. Prowadzimy dokumentacj\u0119, monitorujemy terminy i przygotowujemy firmy do kontroli PIP. Sprawd\u017a!","robots":{"index":"index","follow":"follow","max-snippet":"max-snippet:-1","max-image-preview":"max-image-preview:large","max-video-preview":"max-video-preview:-1"},"canonical":"https:\/\/www.vanner.pl\/pl\/legalizacja-pracy-cudzoziemcow\/","og_locale":"pl_PL","og_type":"article","og_title":"Legalizacja pracy cudzoziemc\u00f3w | Vanner","og_description":"Oferujemy pomoc w legalizacji pracy cudzoziemc\u00f3w. Prowadzimy dokumentacj\u0119, monitorujemy terminy i przygotowujemy firmy do kontroli PIP. Sprawd\u017a!","og_url":"https:\/\/www.vanner.pl\/pl\/legalizacja-pracy-cudzoziemcow\/","og_site_name":"Vanner | Agencja pracy tymczasowej","article_modified_time":"2026-01-13T09:29:53+00:00","og_image":[{"width":1920,"height":460,"url":"https:\/\/www.vanner.pl\/pl\/wp-content\/uploads\/2021\/03\/slider-legalizacja_pobytu.jpg","type":"image\/jpeg"}],"twitter_card":"summary_large_image","twitter_misc":{"Szacowany czas czytania":"3 minuty"},"schema":{"@context":"https:\/\/schema.org","@graph":[{"@type":"WebPage","@id":"https:\/\/www.vanner.pl\/pl\/legalizacja-pracy-cudzoziemcow\/","url":"https:\/\/www.vanner.pl\/pl\/legalizacja-pracy-cudzoziemcow\/","name":"Legalizacja pracy cudzoziemc\u00f3w | Vanner","isPartOf":{"@id":"https:\/\/www.vanner.pl\/pl\/#website"},"primaryImageOfPage":{"@id":"https:\/\/www.vanner.pl\/pl\/legalizacja-pracy-cudzoziemcow\/#primaryimage"},"image":{"@id":"https:\/\/www.vanner.pl\/pl\/legalizacja-pracy-cudzoziemcow\/#primaryimage"},"thumbnailUrl":"https:\/\/www.vanner.pl\/pl\/wp-content\/uploads\/2021\/03\/slider-legalizacja_pobytu.jpg","datePublished":"2021-03-02T12:55:05+00:00","dateModified":"2026-01-13T09:29:53+00:00","description":"Oferujemy pomoc w legalizacji pracy cudzoziemc\u00f3w. Prowadzimy dokumentacj\u0119, monitorujemy terminy i przygotowujemy firmy do kontroli PIP. Sprawd\u017a!","breadcrumb":{"@id":"https:\/\/www.vanner.pl\/pl\/legalizacja-pracy-cudzoziemcow\/#breadcrumb"},"inLanguage":"pl-PL","potentialAction":[{"@type":"ReadAction","target":["https:\/\/www.vanner.pl\/pl\/legalizacja-pracy-cudzoziemcow\/"]}]},{"@type":"ImageObject","inLanguage":"pl-PL","@id":"https:\/\/www.vanner.pl\/pl\/legalizacja-pracy-cudzoziemcow\/#primaryimage","url":"https:\/\/www.vanner.pl\/pl\/wp-content\/uploads\/2021\/03\/slider-legalizacja_pobytu.jpg","contentUrl":"https:\/\/www.vanner.pl\/pl\/wp-content\/uploads\/2021\/03\/slider-legalizacja_pobytu.jpg","width":1920,"height":460,"caption":"Portrait of successful entrepreneur, colleagues working in the background."},{"@type":"BreadcrumbList","@id":"https:\/\/www.vanner.pl\/pl\/legalizacja-pracy-cudzoziemcow\/#breadcrumb","itemListElement":[{"@type":"ListItem","position":1,"name":"Strona g\u0142\u00f3wna","item":"https:\/\/www.vanner.pl\/pl\/"},{"@type":"ListItem","position":2,"name":"Legalizacja pracy cudzoziemc\u00f3w"}]},{"@type":"WebSite","@id":"https:\/\/www.vanner.pl\/pl\/#website","url":"https:\/\/www.vanner.pl\/pl\/","name":"Vanner | Agencja pracy tymczasowej","description":"Tw\u00f3j zaufany partner","potentialAction":[{"@type":"SearchAction","target":{"@type":"EntryPoint","urlTemplate":"https:\/\/www.vanner.pl\/pl\/?s={search_term_string}"},"query-input":{"@type":"PropertyValueSpecification","valueRequired":true,"valueName":"search_term_string"}}],"inLanguage":"pl-PL"}]}},"_links":{"self":[{"href":"https:\/\/www.vanner.pl\/pl\/wp-json\/wp\/v2\/pages\/134","targetHints":{"allow":["GET"]}}],"collection":[{"href":"https:\/\/www.vanner.pl\/pl\/wp-json\/wp\/v2\/pages"}],"about":[{"href":"https:\/\/www.vanner.pl\/pl\/wp-json\/wp\/v2\/types\/page"}],"author":[{"embeddable":true,"href":"https:\/\/www.vanner.pl\/pl\/wp-json\/wp\/v2\/users\/2"}],"replies":[{"embeddable":true,"href":"https:\/\/www.vanner.pl\/pl\/wp-json\/wp\/v2\/comments?post=134"}],"version-history":[{"count":10,"href":"https:\/\/www.vanner.pl\/pl\/wp-json\/wp\/v2\/pages\/134\/revisions"}],"predecessor-version":[{"id":854,"href":"https:\/\/www.vanner.pl\/pl\/wp-json\/wp\/v2\/pages\/134\/revisions\/854"}],"wp:featuredmedia":[{"embeddable":true,"href":"https:\/\/www.vanner.pl\/pl\/wp-json\/wp\/v2\/media\/135"}],"wp:attachment":[{"href":"https:\/\/www.vanner.pl\/pl\/wp-json\/wp\/v2\/media?parent=134"}],"curies":[{"name":"wp","href":"https:\/\/api.w.org\/{rel}","templated":true}]}}