

{"id":246,"date":"2021-03-09T14:14:11","date_gmt":"2021-03-09T13:14:11","guid":{"rendered":"https:\/\/www.vanner.pl\/pl\/?post_type=vanner_praca&#038;p=246"},"modified":"2024-01-03T08:46:47","modified_gmt":"2024-01-03T07:46:47","slug":"praca-w-mleczarni-w-grudziadzu","status":"publish","type":"vanner_praca","link":"https:\/\/www.vanner.pl\/pl\/vanner_praca\/praca-w-mleczarni-w-grudziadzu\/","title":{"rendered":"Praca w mleczarni w Grudzi\u0105dzu"},"content":{"rendered":"\n<h4 class=\"wp-block-heading\">HARMONOGRAM PRACY<\/h4>\n\n\n\n<p>Godziny pracy: praca na 2 zmiany po 12 godzin (06: 00-18: 00 i 18:00 \u2013 6:00), praca 6 dni w tygodniu , p\u0142atne przerwy, opracowywane s\u0105 indywidualne harmonogramy dni roboczych i weekend\u00f3w.<\/p>\n\n\n\n<div style=\"height:20px\" aria-hidden=\"true\" class=\"wp-block-spacer\"><\/div>\n\n\n\n<div style=\"height:20px\" aria-hidden=\"true\" class=\"wp-block-spacer\"><\/div>\n\n\n\n<h4 class=\"wp-block-heading\">ZAKWATEROWANIE<\/h4>\n\n\n\n<p>500 z\u0142 \/ msc. Wygodne apartamenty (domki) ze wszystkim czego potrzebujesz (kuchnia, \u0142azienka, pralka, po\u015bciel). Zakwaterowanie w pokojach 3-4 osobowych.<\/p>\n\n\n\n<div style=\"height:20px\" aria-hidden=\"true\" class=\"wp-block-spacer\"><\/div>\n\n\n\n<div style=\"height:20px\" aria-hidden=\"true\" class=\"wp-block-spacer\"><\/div>\n\n\n\n<h4 class=\"wp-block-heading\">TRANSPORT<\/h4>\n\n\n\n<p>Dojazd do miejsca pracy i z powrotem komunikacj\u0105 miejsk\u0105 \u2013 koszt 74 z\u0142 \/ msc.<\/p>\n\n\n\n<div style=\"height:20px\" aria-hidden=\"true\" class=\"wp-block-spacer\"><\/div>\n\n\n\n<div style=\"height:20px\" aria-hidden=\"true\" class=\"wp-block-spacer\"><\/div>\n\n\n\n<h4 class=\"wp-block-heading\">OBOWI\u0104ZKI<\/h4>\n\n\n\n<ul class=\"wp-block-list\">\n<li>Prace zwi\u0105zane z przetw\u00f3rstwem mleka<\/li>\n\n\n\n<li>Pakowanie gotowych produkt\u00f3w mlecznych (mas\u0142o, ser)<\/li>\n\n\n\n<li>Pomoc w magazynie<\/li>\n\n\n\n<li>Konserwacja specjalistycznych maszyn do produkcji mleczarskiej<\/li>\n\n\n\n<li>Przestrzeganie zasad BHP w miejscu pracy<\/li>\n\n\n\n<li>Wykonywanie innych proces\u00f3w zwi\u0105zanych z produkcj\u0105<\/li>\n<\/ul>\n\n\n\n<div style=\"height:20px\" aria-hidden=\"true\" class=\"wp-block-spacer\"><\/div>\n\n\n\n<div style=\"height:20px\" aria-hidden=\"true\" class=\"wp-block-spacer\"><\/div>\n\n\n\n<h4 class=\"wp-block-heading\">WYMAGANIA<\/h4>\n\n\n\n<ul class=\"wp-block-list\">\n<li>Wiek: do 45 lat<\/li>\n\n\n\n<li>Wymaga posiadania zdolno\u015bci manualnych<\/li>\n\n\n\n<li>Posiadania wizy pracowniczej na co najmniej 6 miesi\u0119cy<\/li>\n\n\n\n<li>Ch\u0119\u0107 do nauki i pracy<\/li>\n\n\n\n<li>Sumienne wype\u0142nianie obowi\u0105zk\u00f3w.<\/li>\n\n\n\n<li>Dobre zdrowie i brak na\u0142og\u00f3w<\/li>\n<\/ul>\n\n\n<div class=\"xbt_praca_kontakt\"><!-- wp:group {\"backgroundColor\":\"zolty\"} -->\n<div class=\"wp-block-group has-zolty-background-color has-background\"><!-- wp:heading {\"level\":4} -->\n<h4 class=\"wp-block-heading\">OLGA&nbsp; <img decoding=\"async\" class=\"wp-image-582\" style=\"\" src=\"https:\/\/www.vanner.pl\/pl\/wp-content\/uploads\/2022\/06\/flaga_ua.png\" alt=\"\"><img decoding=\"async\" class=\"wp-image-584\" style=\"\" src=\"https:\/\/www.vanner.pl\/pl\/wp-content\/uploads\/2022\/06\/flaga_ru.png\" alt=\"\"><img decoding=\"async\" class=\"wp-image-585\" style=\"\" src=\"https:\/\/www.vanner.pl\/pl\/wp-content\/uploads\/2022\/06\/flaga_pl.png\" alt=\"\"><\/h4>\n<!-- \/wp:heading -->\n\n<!-- wp:paragraph -->\n<p><a href=\"http:\/\/+48730540170\">+48 730 540 170<\/a><\/p>\n<!-- \/wp:paragraph -->\n\n<!-- wp:paragraph -->\n<p><a href=\"http:\/\/+48531307500\">+48 531 307 500<\/a><\/p>\n<!-- \/wp:paragraph -->\n\n<!-- wp:image {\"id\":594,\"sizeSlug\":\"full\",\"linkDestination\":\"custom\"} -->\n<figure class=\"wp-block-image size-full\"><a href=\"https:\/\/m.me\/work.vanner\"><img decoding=\"async\" src=\"https:\/\/www.vanner.pl\/pl\/wp-content\/uploads\/2022\/06\/messanger2.png\" alt=\"\" class=\"wp-image-594\"\/><\/a><\/figure>\n<!-- \/wp:image -->\n\n<!-- wp:image {\"id\":595,\"sizeSlug\":\"full\",\"linkDestination\":\"custom\"} -->\n<figure class=\"wp-block-image size-full\"><a href=\"https:\/\/wa.me\/48730540170\"><img decoding=\"async\" src=\"https:\/\/www.vanner.pl\/pl\/wp-content\/uploads\/2022\/06\/whatsapp3.png\" alt=\"\" class=\"wp-image-595\"\/><\/a><\/figure>\n<!-- \/wp:image -->\n\n<!-- wp:image {\"id\":596,\"sizeSlug\":\"full\",\"linkDestination\":\"custom\"} -->\n<figure class=\"wp-block-image size-full\"><a href=\"https:\/\/t.me\/irynavanner\"><img decoding=\"async\" src=\"https:\/\/www.vanner.pl\/pl\/wp-content\/uploads\/2022\/06\/telegram-l.png\" alt=\"\" class=\"wp-image-596\"\/><\/a><\/figure>\n<!-- \/wp:image -->\n\n<!-- wp:image {\"id\":597,\"sizeSlug\":\"full\",\"linkDestination\":\"custom\"} -->\n<figure class=\"wp-block-image size-full\"><a href=\"viber:\/\/add?number=48730540170\"><img decoding=\"async\" src=\"https:\/\/www.vanner.pl\/pl\/wp-content\/uploads\/2022\/06\/viber3.png\" alt=\"\" class=\"wp-image-597\"\/><\/a><\/figure>\n<!-- \/wp:image --><\/div>\n<!-- \/wp:group -->\n\n<!-- wp:group {\"backgroundColor\":\"zolty\"} -->\n<div class=\"wp-block-group has-zolty-background-color has-background\"><!-- wp:heading {\"level\":4} -->\n<h4 class=\"wp-block-heading\"><strong>Y<\/strong>ULIA <img decoding=\"async\" class=\"wp-image-582\" style=\"\" src=\"https:\/\/www.vanner.pl\/pl\/wp-content\/uploads\/2022\/06\/flaga_ua.png\" alt=\"\"><img decoding=\"async\" class=\"wp-image-584\" style=\"\" src=\"https:\/\/www.vanner.pl\/pl\/wp-content\/uploads\/2022\/06\/flaga_ru.png\" alt=\"\"><img decoding=\"async\" class=\"wp-image-585\" style=\"\" src=\"https:\/\/www.vanner.pl\/pl\/wp-content\/uploads\/2022\/06\/flaga_pl.png\" alt=\"\"><\/h4>\n<!-- \/wp:heading -->\n\n<!-- wp:paragraph -->\n<p><a href=\"http:\/\/+48533928992\">+48 533 928 992<\/a><\/p>\n<!-- \/wp:paragraph -->\n\n<!-- wp:image {\"id\":594,\"sizeSlug\":\"full\",\"linkDestination\":\"custom\"} -->\n<figure class=\"wp-block-image size-full\"><a href=\"https:\/\/m.me\/work.vanner\"><img decoding=\"async\" src=\"https:\/\/www.vanner.pl\/pl\/wp-content\/uploads\/2022\/06\/messanger2.png\" alt=\"\" class=\"wp-image-594\"\/><\/a><\/figure>\n<!-- \/wp:image -->\n\n<!-- wp:image {\"id\":595,\"sizeSlug\":\"full\",\"linkDestination\":\"custom\"} -->\n<figure class=\"wp-block-image size-full\"><a href=\"https:\/\/wa.me\/48533928992\"><img decoding=\"async\" src=\"https:\/\/www.vanner.pl\/pl\/wp-content\/uploads\/2022\/06\/whatsapp3.png\" alt=\"\" class=\"wp-image-595\"\/><\/a><\/figure>\n<!-- \/wp:image -->\n\n<!-- wp:image {\"id\":596,\"sizeSlug\":\"full\",\"linkDestination\":\"custom\"} -->\n<figure class=\"wp-block-image size-full\"><a href=\"https:\/\/t.me\/juliavanner\"><img decoding=\"async\" src=\"https:\/\/www.vanner.pl\/pl\/wp-content\/uploads\/2022\/06\/telegram-l.png\" alt=\"\" class=\"wp-image-596\"\/><\/a><\/figure>\n<!-- \/wp:image -->\n\n<!-- wp:image {\"id\":597,\"sizeSlug\":\"full\",\"linkDestination\":\"custom\"} -->\n<figure class=\"wp-block-image size-full\"><a href=\"viber:\/\/add?number=48533928992\"><img decoding=\"async\" src=\"https:\/\/www.vanner.pl\/pl\/wp-content\/uploads\/2022\/06\/viber3.png\" alt=\"\" class=\"wp-image-597\"\/><\/a><\/figure>\n<!-- \/wp:image --><\/div>\n<!-- \/wp:group --><\/div>\n","protected":false},"excerpt":{"rendered":"<p>HARMONOGRAM PRACY Godziny pracy: praca na 2 zmiany po 12 godzin (06: 00-18: 00 i 18:00 \u2013 6:00), praca 6 dni w tygodniu , p\u0142atne przerwy, opracowywane s\u0105 indywidualne harmonogramy [&hellip;]<\/p>\n","protected":false},"featured_media":484,"template":"","meta":{"footnotes":""},"tags":[],"praca_kategorie":[20,21],"class_list":["post-246","vanner_praca","type-vanner_praca","status-publish","has-post-thumbnail","hentry","praca_kategorie-produkcja","praca_kategorie-spozywcza"],"yoast_head":"<!-- This site is optimized with the Yoast SEO plugin v27.5 - https:\/\/yoast.com\/product\/yoast-seo-wordpress\/ -->\n<title>Praca w mleczarni w Grudzi\u0105dzu - Vanner | Agencja pracy tymczasowej<\/title>\n<meta name=\"robots\" content=\"index, follow, max-snippet:-1, max-image-preview:large, max-video-preview:-1\" \/>\n<link rel=\"canonical\" href=\"https:\/\/www.vanner.pl\/pl\/vanner_praca\/praca-w-mleczarni-w-grudziadzu\/\" \/>\n<meta property=\"og:locale\" content=\"pl_PL\" \/>\n<meta property=\"og:type\" content=\"article\" \/>\n<meta property=\"og:title\" content=\"Praca w mleczarni w Grudzi\u0105dzu - Vanner | Agencja pracy tymczasowej\" \/>\n<meta property=\"og:description\" content=\"HARMONOGRAM PRACY Godziny pracy: praca na 2 zmiany po 12 godzin (06: 00-18: 00 i 18:00 \u2013 6:00), praca 6 dni w tygodniu , p\u0142atne przerwy, opracowywane s\u0105 indywidualne harmonogramy [&hellip;]\" \/>\n<meta property=\"og:url\" content=\"https:\/\/www.vanner.pl\/pl\/vanner_praca\/praca-w-mleczarni-w-grudziadzu\/\" \/>\n<meta property=\"og:site_name\" content=\"Vanner | Agencja pracy tymczasowej\" \/>\n<meta property=\"article:modified_time\" content=\"2024-01-03T07:46:47+00:00\" \/>\n<meta property=\"og:image\" content=\"https:\/\/www.vanner.pl\/pl\/wp-content\/uploads\/2021\/03\/Praca-w-mleczarni-w-Grudziadzu.jpg\" \/>\n\t<meta property=\"og:image:width\" content=\"1500\" \/>\n\t<meta property=\"og:image:height\" content=\"1001\" \/>\n\t<meta property=\"og:image:type\" content=\"image\/jpeg\" \/>\n<meta name=\"twitter:card\" content=\"summary_large_image\" \/>\n<meta name=\"twitter:label1\" content=\"Szacowany czas czytania\" \/>\n\t<meta name=\"twitter:data1\" content=\"1 minuta\" \/>\n<script type=\"application\/ld+json\" class=\"yoast-schema-graph\">{\"@context\":\"https:\\\/\\\/schema.org\",\"@graph\":[{\"@type\":\"WebPage\",\"@id\":\"https:\\\/\\\/www.vanner.pl\\\/pl\\\/vanner_praca\\\/praca-w-mleczarni-w-grudziadzu\\\/\",\"url\":\"https:\\\/\\\/www.vanner.pl\\\/pl\\\/vanner_praca\\\/praca-w-mleczarni-w-grudziadzu\\\/\",\"name\":\"Praca w mleczarni w Grudzi\u0105dzu - Vanner | Agencja pracy tymczasowej\",\"isPartOf\":{\"@id\":\"https:\\\/\\\/www.vanner.pl\\\/pl\\\/#website\"},\"primaryImageOfPage\":{\"@id\":\"https:\\\/\\\/www.vanner.pl\\\/pl\\\/vanner_praca\\\/praca-w-mleczarni-w-grudziadzu\\\/#primaryimage\"},\"image\":{\"@id\":\"https:\\\/\\\/www.vanner.pl\\\/pl\\\/vanner_praca\\\/praca-w-mleczarni-w-grudziadzu\\\/#primaryimage\"},\"thumbnailUrl\":\"https:\\\/\\\/www.vanner.pl\\\/pl\\\/wp-content\\\/uploads\\\/2021\\\/03\\\/Praca-w-mleczarni-w-Grudziadzu.jpg\",\"datePublished\":\"2021-03-09T13:14:11+00:00\",\"dateModified\":\"2024-01-03T07:46:47+00:00\",\"breadcrumb\":{\"@id\":\"https:\\\/\\\/www.vanner.pl\\\/pl\\\/vanner_praca\\\/praca-w-mleczarni-w-grudziadzu\\\/#breadcrumb\"},\"inLanguage\":\"pl-PL\",\"potentialAction\":[{\"@type\":\"ReadAction\",\"target\":[\"https:\\\/\\\/www.vanner.pl\\\/pl\\\/vanner_praca\\\/praca-w-mleczarni-w-grudziadzu\\\/\"]}]},{\"@type\":\"ImageObject\",\"inLanguage\":\"pl-PL\",\"@id\":\"https:\\\/\\\/www.vanner.pl\\\/pl\\\/vanner_praca\\\/praca-w-mleczarni-w-grudziadzu\\\/#primaryimage\",\"url\":\"https:\\\/\\\/www.vanner.pl\\\/pl\\\/wp-content\\\/uploads\\\/2021\\\/03\\\/Praca-w-mleczarni-w-Grudziadzu.jpg\",\"contentUrl\":\"https:\\\/\\\/www.vanner.pl\\\/pl\\\/wp-content\\\/uploads\\\/2021\\\/03\\\/Praca-w-mleczarni-w-Grudziadzu.jpg\",\"width\":1500,\"height\":1001,\"caption\":\"Positive dairymaid at automatic milking system industry cow farm\"},{\"@type\":\"BreadcrumbList\",\"@id\":\"https:\\\/\\\/www.vanner.pl\\\/pl\\\/vanner_praca\\\/praca-w-mleczarni-w-grudziadzu\\\/#breadcrumb\",\"itemListElement\":[{\"@type\":\"ListItem\",\"position\":1,\"name\":\"Strona g\u0142\u00f3wna\",\"item\":\"https:\\\/\\\/www.vanner.pl\\\/pl\\\/\"},{\"@type\":\"ListItem\",\"position\":2,\"name\":\"Oferty pracy\",\"item\":\"https:\\\/\\\/www.vanner.pl\\\/pl\\\/vanner_praca\\\/\"},{\"@type\":\"ListItem\",\"position\":3,\"name\":\"Praca w mleczarni w Grudzi\u0105dzu\"}]},{\"@type\":\"WebSite\",\"@id\":\"https:\\\/\\\/www.vanner.pl\\\/pl\\\/#website\",\"url\":\"https:\\\/\\\/www.vanner.pl\\\/pl\\\/\",\"name\":\"Vanner | Agencja pracy tymczasowej\",\"description\":\"Tw\u00f3j zaufany partner\",\"potentialAction\":[{\"@type\":\"SearchAction\",\"target\":{\"@type\":\"EntryPoint\",\"urlTemplate\":\"https:\\\/\\\/www.vanner.pl\\\/pl\\\/?s={search_term_string}\"},\"query-input\":{\"@type\":\"PropertyValueSpecification\",\"valueRequired\":true,\"valueName\":\"search_term_string\"}}],\"inLanguage\":\"pl-PL\"}]}<\/script>\n<!-- \/ Yoast SEO plugin. -->","yoast_head_json":{"title":"Praca w mleczarni w Grudzi\u0105dzu - Vanner | Agencja pracy tymczasowej","robots":{"index":"index","follow":"follow","max-snippet":"max-snippet:-1","max-image-preview":"max-image-preview:large","max-video-preview":"max-video-preview:-1"},"canonical":"https:\/\/www.vanner.pl\/pl\/vanner_praca\/praca-w-mleczarni-w-grudziadzu\/","og_locale":"pl_PL","og_type":"article","og_title":"Praca w mleczarni w Grudzi\u0105dzu - Vanner | Agencja pracy tymczasowej","og_description":"HARMONOGRAM PRACY Godziny pracy: praca na 2 zmiany po 12 godzin (06: 00-18: 00 i 18:00 \u2013 6:00), praca 6 dni w tygodniu , p\u0142atne przerwy, opracowywane s\u0105 indywidualne harmonogramy [&hellip;]","og_url":"https:\/\/www.vanner.pl\/pl\/vanner_praca\/praca-w-mleczarni-w-grudziadzu\/","og_site_name":"Vanner | Agencja pracy tymczasowej","article_modified_time":"2024-01-03T07:46:47+00:00","og_image":[{"width":1500,"height":1001,"url":"https:\/\/www.vanner.pl\/pl\/wp-content\/uploads\/2021\/03\/Praca-w-mleczarni-w-Grudziadzu.jpg","type":"image\/jpeg"}],"twitter_card":"summary_large_image","twitter_misc":{"Szacowany czas czytania":"1 minuta"},"schema":{"@context":"https:\/\/schema.org","@graph":[{"@type":"WebPage","@id":"https:\/\/www.vanner.pl\/pl\/vanner_praca\/praca-w-mleczarni-w-grudziadzu\/","url":"https:\/\/www.vanner.pl\/pl\/vanner_praca\/praca-w-mleczarni-w-grudziadzu\/","name":"Praca w mleczarni w Grudzi\u0105dzu - Vanner | Agencja pracy tymczasowej","isPartOf":{"@id":"https:\/\/www.vanner.pl\/pl\/#website"},"primaryImageOfPage":{"@id":"https:\/\/www.vanner.pl\/pl\/vanner_praca\/praca-w-mleczarni-w-grudziadzu\/#primaryimage"},"image":{"@id":"https:\/\/www.vanner.pl\/pl\/vanner_praca\/praca-w-mleczarni-w-grudziadzu\/#primaryimage"},"thumbnailUrl":"https:\/\/www.vanner.pl\/pl\/wp-content\/uploads\/2021\/03\/Praca-w-mleczarni-w-Grudziadzu.jpg","datePublished":"2021-03-09T13:14:11+00:00","dateModified":"2024-01-03T07:46:47+00:00","breadcrumb":{"@id":"https:\/\/www.vanner.pl\/pl\/vanner_praca\/praca-w-mleczarni-w-grudziadzu\/#breadcrumb"},"inLanguage":"pl-PL","potentialAction":[{"@type":"ReadAction","target":["https:\/\/www.vanner.pl\/pl\/vanner_praca\/praca-w-mleczarni-w-grudziadzu\/"]}]},{"@type":"ImageObject","inLanguage":"pl-PL","@id":"https:\/\/www.vanner.pl\/pl\/vanner_praca\/praca-w-mleczarni-w-grudziadzu\/#primaryimage","url":"https:\/\/www.vanner.pl\/pl\/wp-content\/uploads\/2021\/03\/Praca-w-mleczarni-w-Grudziadzu.jpg","contentUrl":"https:\/\/www.vanner.pl\/pl\/wp-content\/uploads\/2021\/03\/Praca-w-mleczarni-w-Grudziadzu.jpg","width":1500,"height":1001,"caption":"Positive dairymaid at automatic milking system industry cow farm"},{"@type":"BreadcrumbList","@id":"https:\/\/www.vanner.pl\/pl\/vanner_praca\/praca-w-mleczarni-w-grudziadzu\/#breadcrumb","itemListElement":[{"@type":"ListItem","position":1,"name":"Strona g\u0142\u00f3wna","item":"https:\/\/www.vanner.pl\/pl\/"},{"@type":"ListItem","position":2,"name":"Oferty pracy","item":"https:\/\/www.vanner.pl\/pl\/vanner_praca\/"},{"@type":"ListItem","position":3,"name":"Praca w mleczarni w Grudzi\u0105dzu"}]},{"@type":"WebSite","@id":"https:\/\/www.vanner.pl\/pl\/#website","url":"https:\/\/www.vanner.pl\/pl\/","name":"Vanner | Agencja pracy tymczasowej","description":"Tw\u00f3j zaufany partner","potentialAction":[{"@type":"SearchAction","target":{"@type":"EntryPoint","urlTemplate":"https:\/\/www.vanner.pl\/pl\/?s={search_term_string}"},"query-input":{"@type":"PropertyValueSpecification","valueRequired":true,"valueName":"search_term_string"}}],"inLanguage":"pl-PL"}]}},"_links":{"self":[{"href":"https:\/\/www.vanner.pl\/pl\/wp-json\/wp\/v2\/vanner_praca\/246","targetHints":{"allow":["GET"]}}],"collection":[{"href":"https:\/\/www.vanner.pl\/pl\/wp-json\/wp\/v2\/vanner_praca"}],"about":[{"href":"https:\/\/www.vanner.pl\/pl\/wp-json\/wp\/v2\/types\/vanner_praca"}],"version-history":[{"count":8,"href":"https:\/\/www.vanner.pl\/pl\/wp-json\/wp\/v2\/vanner_praca\/246\/revisions"}],"predecessor-version":[{"id":838,"href":"https:\/\/www.vanner.pl\/pl\/wp-json\/wp\/v2\/vanner_praca\/246\/revisions\/838"}],"wp:featuredmedia":[{"embeddable":true,"href":"https:\/\/www.vanner.pl\/pl\/wp-json\/wp\/v2\/media\/484"}],"wp:attachment":[{"href":"https:\/\/www.vanner.pl\/pl\/wp-json\/wp\/v2\/media?parent=246"}],"wp:term":[{"taxonomy":"post_tag","embeddable":true,"href":"https:\/\/www.vanner.pl\/pl\/wp-json\/wp\/v2\/tags?post=246"},{"taxonomy":"praca_kategorie","embeddable":true,"href":"https:\/\/www.vanner.pl\/pl\/wp-json\/wp\/v2\/praca_kategorie?post=246"}],"curies":[{"name":"wp","href":"https:\/\/api.w.org\/{rel}","templated":true}]}}